{"id":271,"date":"2020-06-23T18:14:17","date_gmt":"2020-06-23T17:14:17","guid":{"rendered":"https:\/\/www.institut-finlandais.fr\/boutique\/?page_id=271"},"modified":"2023-02-01T13:52:56","modified_gmt":"2023-02-01T12:52:56","slug":"politique-de-confidentialite","status":"publish","type":"page","link":"https:\/\/www.institut-finlandais.fr\/boutique\/politique-de-confidentialite\/","title":{"rendered":"Politique de confidentialit\u00e9"},"content":{"rendered":"<p>La soci\u00e9t\u00e9 SUOMEN RANSKAN INSTITUUTIN S\u00c4\u00c4TI\u00d6 s\u2019est engag\u00e9e dans la protection des donn\u00e9es \u00e0 caract\u00e8re personnel trait\u00e9es dans le cadre de son activit\u00e9 commerciale de vente en ligne.<\/p>\n<p>A des fins de transparence totale, la soci\u00e9t\u00e9 SUOMEN RANSKAN INSTITUUTIN S\u00c4\u00c4TI\u00d6 a d\u00e9fini la pr\u00e9sente Politique de protection des donn\u00e9es, afin que tout client, en tant que personne physique, puisse, \u00e0 tout moment prendre connaissance des engagements pris et des pratiques appliqu\u00e9es sur ses donn\u00e9es \u00e0 caract\u00e8re personnel.<\/p>\n<p>La soci\u00e9t\u00e9 SUOMEN RANSKAN INSTITUUTIN S\u00c4\u00c4TI\u00d6 s\u2019engage \u00e0 traiter l\u2019ensemble des donn\u00e9es collect\u00e9es de mani\u00e8re conforme aux textes applicables \u00e0 la protection des donn\u00e9es (Loi n\u00b078-17 du 6 janvier 1978 modifi\u00e9e et le R\u00e8glement Europ\u00e9en G\u00e9n\u00e9ral 2016\/679 du 27 avril 2016 sur la protection des donn\u00e9es, ces deux textes \u00e9tant ci-apr\u00e8s d\u00e9sign\u00e9s la \u00ab R\u00e8glementation \u00bb).<\/p>\n<p>1- Lexique<\/p>\n<p>Un traitement de donn\u00e9es \u00e0 caract\u00e8re personnel est une op\u00e9ration ou un ensemble organis\u00e9 d\u2019op\u00e9rations effectu\u00e9 sur des donn\u00e9es \u00e0 caract\u00e8re personnel (collecte, structuration, conservation, modification, communication&#8230;).<\/p>\n<p>Une donn\u00e9e \u00e0 caract\u00e8re personnel est une information qui permet d\u2019identifier un \u00eatre humain (personne physique), directement (par exemple son nom\/pr\u00e9nom), ou indirectement (par exemple son num\u00e9ro de t\u00e9l\u00e9phone, son num\u00e9ro de contrat, son pseudo).<\/p>\n<p>La personne concern\u00e9e est celle qui peut \u00eatre identifi\u00e9e par les donn\u00e9es utilis\u00e9es dans le cadre du traitement de donn\u00e9es \u00e0 caract\u00e8re personnel.<\/p>\n<p>Le responsable de traitement est celui qui d\u00e9cide de la mani\u00e8re dont sera mis en \u0153uvre le traitement des donn\u00e9es \u00e0 caract\u00e8re personnel, notamment en d\u00e9terminant \u00e0 quoi vont servir les donn\u00e9es et quels outils vont \u00eatre mis en \u0153uvre pour les traiter.<\/p>\n<p>Le sous-traitant est celui qui effectue des op\u00e9rations sur les donn\u00e9es pour le compte du responsable de traitement, il signe un contrat avec le responsable de traitement qui lui confie certaines t\u00e2ches et qui s\u2019assure qu\u2019il dispose des garanties techniques et organisationnelles, lui permettant de traiter les donn\u00e9es \u00e0 caract\u00e8re personnel qui lui sont confi\u00e9es conform\u00e9ment \u00e0 la r\u00e8glementation.<\/p>\n<p>Le destinataire est celui qui re\u00e7oit communication autoris\u00e9e des donn\u00e9es \u00e0 caract\u00e8re personnel.<\/p>\n<p>La soci\u00e9t\u00e9 SUOMEN RANSKAN INSTITUUTIN S\u00c4\u00c4TI\u00d6 est responsable des traitements de donn\u00e9es \u00e0 caract\u00e8re personnel relatives aux ventes effectu\u00e9es sur son site <a href=\"https:\/\/www.institut-finlandais.fr\" target=\"_blank\" rel=\"noopener noreferrer\">www.institut-finlandais.fr<\/a>, au sens de la loi n\u00b0 78-17 du 6 janvier 1978 modifi\u00e9e relative \u00e0 l&rsquo;informatique, aux fichiers et aux libert\u00e9s de la collecte et du traitement de donn\u00e9es \u00e0 caract\u00e8re personnel modifi\u00e9e (dite \u00ab Loi Informatique et Libert\u00e9s \u00bb) et du R\u00e8glement G\u00e9n\u00e9ral sur la Protection des Donn\u00e9es \u00e0 caract\u00e8re personnel du 27 avril 2017 (dit \u00ab RGPD \u00bb), le tout dit la \u00ab R\u00e8glementation \u00bb.<\/p>\n<p>Les donn\u00e9es \u00e0 caract\u00e8re personnel sont trait\u00e9es pour les objectifs principaux suivants :<br \/>\nLa prise en compte des commandes pass\u00e9es sur le site www.institut-finlandais.fr<br \/>\nLa mise \u00e0 disposition des services technologiques (sites web) et marketing (newsletter)<br \/>\nLa gestion des services logistiques (commandes, approvisionnements, assortiments, livraison)<br \/>\nNos sous-traitants sont amen\u00e9s \u00e0 traiter les donn\u00e9es \u00e0 caract\u00e8re personnel des client(e)s de la soci\u00e9t\u00e9 SUOMEN RANSKAN INSTITUUTIN S\u00c4\u00c4TI\u00d6 pour ce qui les concerne et notamment :<br \/>\nLa gestion de la logistique (gestion des commandes et des livraisons, gestion des stocks)<\/p>\n<p>2- Nos engagements cl\u00e9s<\/p>\n<p>La soci\u00e9t\u00e9 SUOMEN RANSKAN INSTITUUTIN S\u00c4\u00c4TI\u00d6 en tant que responsable de traitement, respecte les principes suivants :<br \/>\nLes donn\u00e9es \u00e0 caract\u00e8re personnel sont utilis\u00e9es uniquement pour des finalit\u00e9s (objectifs) explicites, l\u00e9gitimes et d\u00e9termin\u00e9es en lien avec les m\u00e9tiers du responsable de traitement.<br \/>\nSeules les donn\u00e9es \u00e0 caract\u00e8re personnel qui sont strictement utiles sont collect\u00e9es et trait\u00e9es.<br \/>\nLes donn\u00e9es ne sont pas conserv\u00e9es au-del\u00e0 de la dur\u00e9e n\u00e9cessaire pour les op\u00e9rations pour lesquelles elles ont \u00e9t\u00e9 collect\u00e9es et ce en tenant compte de la nature des op\u00e9rations, ou de celles pr\u00e9vues par la pratique d\u00e9cisionnelle de la CNIL ou par la R\u00e8glementation.<br \/>\nLa soci\u00e9t\u00e9 SUOMEN RANSKAN INSTITUUTIN S\u00c4\u00c4TI\u00d6 ne communique pas, ni ne c\u00e8de les donn\u00e9es \u00e0 caract\u00e8re personnel relatives aux clients adh\u00e9rents \u00e0 des tiers, mais seulement \u00e0 des destinataires autoris\u00e9s dans le cadre strict des finalit\u00e9s d\u00e9finies au pr\u00e9alable.<br \/>\nLa soci\u00e9t\u00e9 SUOMEN RANSKAN INSTITUUTIN S\u00c4\u00c4TI\u00d6 confie les donn\u00e9es \u00e0 caract\u00e8re personnel \u00e0 des prestataires sous-traitants choisis en fonction de garanties techniques et organisationnelles appropri\u00e9es, afin de garantir la protection des donn\u00e9es qui leur sont confi\u00e9es sous les instructions de la soci\u00e9t\u00e9 SUOMEN RANSKAN INSTITUUTIN S\u00c4\u00c4TI\u00d6.<br \/>\nLes client(e)s sont inform\u00e9s pr\u00e9alablement et r\u00e9guli\u00e8rement, de mani\u00e8re claire et transparente, notamment sur la finalit\u00e9 d\u2019utilisation de leurs donn\u00e9es, le caract\u00e8re facultatif ou obligatoire de leurs r\u00e9ponses dans les formulaires, des droits dont ils disposent en mati\u00e8re de protection des donn\u00e9es et des modalit\u00e9s d\u2019exercice effectif de ces droits, des destinataires.<br \/>\nChaque fois que la R\u00e8glementation l\u2019impose, un consentement explicite, \u00e9clair\u00e9, actif et non \u00e9quivoque des client(s) est recueilli au titre du traitement de ses donn\u00e9es \u00e0 caract\u00e8re personnel.<br \/>\nDes mesures de s\u00e9curit\u00e9 appropri\u00e9es, sur le plan logique, technique, organisationnel et juridique, ont \u00e9t\u00e9 d\u00e9finies sur la base d\u2019une analyse de risques des diff\u00e9rents traitements de donn\u00e9es \u00e0 caract\u00e8re personnel concern\u00e9s, et sont mises en \u0153uvre par la soci\u00e9t\u00e9 SUOMEN RANSKAN INSTITUUTIN S\u00c4\u00c4TI\u00d6 et ses sous-traitants engag\u00e9s par contrat, pour assurer la protection des donn\u00e9es \u00e0 caract\u00e8re personnel.<br \/>\nLa soci\u00e9t\u00e9 SUOMEN RANSKAN INSTITUUTIN S\u00c4\u00c4TI\u00d6 et ses sous-traitants sont engag\u00e9s \u00e0 veiller \u00e0 toute violation \u00e9ventuelle et exceptionnelle de donn\u00e9es et \u00e0 prendre toutes les mesures de protection et de correction cons\u00e9cutives \u00e0 une violation en informant la CNIL et le cas \u00e9ch\u00e9ant, les personnes concern\u00e9es.<\/p>\n<p>3- Le D\u00e9l\u00e9gu\u00e9 \u00e0 la Protection des donn\u00e9es, le DPO<\/p>\n<p>La soci\u00e9t\u00e9 SUOMEN RANSKAN INSTITUUTIN S\u00c4\u00c4TI\u00d6 d\u00e9signe un d\u00e9l\u00e9gu\u00e9 \u00e0 la protection des donn\u00e9es afin de veiller au respect de la R\u00e9glementation et des r\u00e8gles d\u00e9crites au sein de la pr\u00e9sente Politique de protection des donn\u00e9es.<\/p>\n<p>Le d\u00e9l\u00e9gu\u00e9 \u00e0 la protection des donn\u00e9es veille notamment :<br \/>\n\u00e0 \u00e9tablir et tenir \u00e0 jour un registre des traitements de donn\u00e9es \u00e0 caract\u00e8re personnel mis en \u0153uvre dans l\u2019entreprise,<br \/>\n\u00e0 s\u2019assurer de la conformit\u00e9 des pratiques avec la r\u00e9glementation et ses \u00e9volutions,<br \/>\n\u00e0 sensibiliser l\u2019ensemble des \u00e9quipes aux exigences et bonnes pratiques en mati\u00e8re de protection des donn\u00e9es \u00e0 caract\u00e8re personnel,<br \/>\n\u00e0 l\u2019exercice effectif des droits des personnes concern\u00e9es .<br \/>\nLe d\u00e9l\u00e9gu\u00e9 \u00e0 la protection des donn\u00e9es est joignable par email \u00e0 l\u2019adresse : info@institut-finlandais.fr.<\/p>\n<p>4- La collecte des donn\u00e9es<\/p>\n<p>La soci\u00e9t\u00e9 SUOMEN RANSKAN INSTITUUTIN S\u00c4\u00c4TI\u00d6 collecte les donn\u00e9es \u00e0 caract\u00e8re personnel des personnes concern\u00e9es de la mani\u00e8re suivante :<br \/>\nDans le cadre de toute commande effectu\u00e9e sur le site www.institut-finlandais.fr et des informations compl\u00e9t\u00e9es \u00e0 cette occasion,<br \/>\nDans le cadre des divers \u00e9changes ayant lieu avec la soci\u00e9t\u00e9 SUOMEN RANSKAN INSTITUUTIN S\u00c4\u00c4TI\u00d6 (mailings, courriers, messagerie \u2026),<br \/>\nDans le cadre des services technologiques mis \u00e0 disposition des client(e)s (newsletters, formulaires en ligne\u2026),<br \/>\nDans le cadre des services logistiques mis \u00e0 disposition des client(e)s.<\/p>\n<p>5- Les donn\u00e9es collect\u00e9es<\/p>\n<p>Dans le cadre de son activit\u00e9, la soci\u00e9t\u00e9 SUOMEN RANSKAN INSTITUUTIN S\u00c4\u00c4TI\u00d6 collecte les donn\u00e9es appartenant aux cat\u00e9gories de donn\u00e9es \u00e0 caract\u00e8re personnel suivantes :<br \/>\nIdentit\u00e9,<br \/>\nDonn\u00e9es de contacts (mail, t\u00e9l\u00e9phone, adresse)<br \/>\nDonn\u00e9es de connexion (adresse IP, logs, etc.)<br \/>\nDonn\u00e9es de localisation (d\u00e9placements, donn\u00e9es GPS, GSM, etc.)<br \/>\nInformations bancaires (type de carte bleue, renseignement bancaire utile au paiement de la commande)<\/p>\n<p>6- L\u2019utilisation des donn\u00e9es<\/p>\n<p>La soci\u00e9t\u00e9 SUOMEN RANSKAN INSTITUUTIN S\u00c4\u00c4TI\u00d6 utilise les donn\u00e9es \u00e0 caract\u00e8re personnel pour les objectifs principaux suivants :<br \/>\nLa prise en compte des commandes pass\u00e9es sur le site www.institut-finlandais.fr<br \/>\nLa mise \u00e0 disposition des services technologiques (sites web) et marketing (newsletter)<br \/>\nLa gestion des services logistiques (commandes, approvisionnements, assortiments, livraison)<br \/>\nNos sous-traitants sont amen\u00e9s \u00e0 traiter les donn\u00e9es \u00e0 caract\u00e8re personnel des client(e)s de la soci\u00e9t\u00e9 SUOMEN RANSKAN INSTITUUTIN S\u00c4\u00c4TI\u00d6 pour ce qui les concerne et notamment :<br \/>\nLa gestion de la logistique (gestion des commandes et des livraisons, gestion des stocks)<\/p>\n<p>7- Les destinataires des donn\u00e9es<\/p>\n<p>Au cas par cas des traitements d\u00e9crits \u00e0 l\u2019article \u00ab L\u2019utilisation des donn\u00e9es \u00bb ci-dessus, la soci\u00e9t\u00e9 SUOMEN RANSKAN INSTITUUTIN S\u00c4\u00c4TI\u00d6 d\u00e9termine les destinataires des donn\u00e9es en fonction de leurs missions et de leurs habilitations \u00e0 recevoir les donn\u00e9es dans le respect des finalit\u00e9s d\u00e9termin\u00e9es.<br \/>\nSelon le cas, ces destinataires peuvent \u00eatre :<br \/>\nLes sous-traitants auxquels la soci\u00e9t\u00e9 SUOMEN RANSKAN INSTITUUTIN S\u00c4\u00c4TI\u00d6 fait appel pour toute op\u00e9ration technique, logistique au titre de la mise en \u0153uvre de mesures techniques et organisationnelles appropri\u00e9es, en particulier en termes de confidentialit\u00e9 et de s\u00e9curit\u00e9.<\/p>\n<p>8- La dur\u00e9e de conservation des donn\u00e9es<\/p>\n<p>La soci\u00e9t\u00e9 SUOMEN RANSKAN INSTITUUTIN S\u00c4\u00c4TI\u00d6 a d\u00e9termin\u00e9 des r\u00e8gles pr\u00e9cises concernant la dur\u00e9e de conservation des donn\u00e9es \u00e0 caract\u00e8re personnel des personnes concern\u00e9es, afin de limiter la conservation \u00e0 une dur\u00e9e strictement n\u00e9cessaire.<br \/>\nAu terme de la dur\u00e9e ainsi fix\u00e9e, et suivant le cas, les donn\u00e9es \u00e0 caract\u00e8re personnel font l\u2019objet dans le respect de la R\u00e8glementation applicable de l\u2019une de ces mesures :<br \/>\nSuppression,<br \/>\nAnonymisation irr\u00e9versible,<br \/>\nArchivage.<\/p>\n<p>9- La s\u00e9curit\u00e9 des donn\u00e9es<\/p>\n<p>La s\u00e9curit\u00e9 des donn\u00e9es porte sur les mesures prises afin de prot\u00e9ger les donn\u00e9es des faits suivants :<br \/>\nla destruction,<br \/>\nla perte,<br \/>\nl&rsquo;alt\u00e9ration,<br \/>\nla divulgation non autoris\u00e9e de donn\u00e9es \u00e0 caract\u00e8re personnel transmises, conserv\u00e9es ou trait\u00e9es,<br \/>\nl&rsquo;acc\u00e8s non autoris\u00e9 \u00e0 de telles donn\u00e9es, de mani\u00e8re accidentelle ou illicite<\/p>\n<p>Afin de garantir la s\u00e9curit\u00e9 des donn\u00e9es \u00e0 caract\u00e8re personnel, la soci\u00e9t\u00e9 SUOMEN RANSKAN INSTITUUTIN S\u00c4\u00c4TI\u00d6 et ses sous-traitants mettent en \u0153uvre les mesures techniques et organisationnelles appropri\u00e9es compte tenu de l&rsquo;\u00e9tat des connaissances, des co\u00fbts, de la nature, de la port\u00e9e, du contexte et des finalit\u00e9s des traitements afin de garantir un niveau de s\u00e9curit\u00e9 adapt\u00e9 aux risques.<\/p>\n<p>10- Les droits sur les donn\u00e9es<\/p>\n<p>Chaque personne concern\u00e9e dispose des droits suivants :<br \/>\ndroit d\u2019acc\u00e8s \/ acc\u00e9der \u00e0 ses donn\u00e9es : la personne concern\u00e9e peut demander directement \u00e0 la soci\u00e9t\u00e9 SUOMEN RANSKAN INSTITUUTIN S\u00c4\u00c4TI\u00d6 si elle d\u00e9tient des informations sur elle, et demander \u00e0 ce que lui soit communiqu\u00e9 la liste des donn\u00e9es,<br \/>\ndroit de rectification \/ demander leur rectification : la personne concern\u00e9e peut demander la rectification des informations inexactes la concernant. Le droit de rectification compl\u00e8te le droit d\u2019acc\u00e8s.<br \/>\ndroit \u00e0 l\u2019oubli \/ demander l\u2019effacement de ses donn\u00e9es : la personne concern\u00e9e peut demander l\u2019effacement des informations la concernant, pour un motif pr\u00e9vu par la R\u00e8glementation.<br \/>\ndroit \u00e0 la limitation \/ demander la limitation du traitement de ses donn\u00e9es : la personne concern\u00e9e peut obtenir la limitation du traitement de ses donn\u00e9es, pour un motif pr\u00e9vu par la R\u00e8glementation.<br \/>\ndroit \u00e0 la portabilit\u00e9 \/ demander la portabilit\u00e9 de ses donn\u00e9es : la personne concern\u00e9e peut demander \u00e0 recevoir les donn\u00e9es qu\u2019elle a fourni \u00e0 la soci\u00e9t\u00e9 SUOMEN RANSKAN INSTITUUTIN S\u00c4\u00c4TI\u00d6, ou demander \u00e0 la soci\u00e9t\u00e9 SUOMEN RANSKAN INSTITUUTIN S\u00c4\u00c4TI\u00d6 qu\u2019elles soient transmises \u00e0 un autre responsable de traitement pour un motif pr\u00e9vu par la R\u00e8glementation,<\/p>\n<p>La personne concern\u00e9e peut \u00e9galement s\u2019opposer, pour des motifs l\u00e9gitimes, \u00e0 ce que les donn\u00e9es la concernant soient trait\u00e9es, diffus\u00e9es, transmises, conserv\u00e9es ou h\u00e9berg\u00e9es.<br \/>\nPour plus d\u2019informations sur la signification des droits ; la CNIL a cr\u00e9\u00e9 une rubrique d\u00e9di\u00e9e \u00e0 la compr\u00e9hension des droits qui peut \u00eatre consultable ici : <a href=\"https:\/\/www.cnil.fr\/fr\/comprendre-vos-droits\" target=\"_blank\" rel=\"noopener noreferrer\">www.cnil.fr\/fr\/comprendre-vos-droits<\/a><br \/>\nPour exercer les droits, la personne concern\u00e9e peut contacter le d\u00e9l\u00e9gu\u00e9 \u00e0 la protection des donn\u00e9es de la soci\u00e9t\u00e9 SUOMEN RANSKAN INSTITUUTIN S\u00c4\u00c4TI\u00d6 par email \u00e0 l\u2019adresse galerie@institut-finlandais.fr et par courrier \u00e0 l\u2019adresse postale 60, rue des \u00c9coles, 75005 Paris.<\/p>\n<p>Pour faciliter les d\u00e9marches, la soci\u00e9t\u00e9 SUOMEN RANSKAN INSTITUUTIN S\u00c4\u00c4TI\u00d6 invite chaque personne concern\u00e9e, lors de l\u2019envoi d\u2019une demande d\u2019exercice des droits, \u00e0 :<br \/>\nIndiquer quel(s) droit(s) elle souhaite exercer,<br \/>\nMentionner clairement ses noms \/ pr\u00e9noms \/ coordonn\u00e9es auxquels elle souhaite recevoir les r\u00e9ponses,<br \/>\nJoindre une copie d\u2019une pi\u00e8ce d\u2019identit\u00e9.<\/p>\n<p>11- Le consentement des personnes concern\u00e9es<\/p>\n<p>Tous les traitements de donn\u00e9es \u00e0 caract\u00e8re personnel sont mis en \u0153uvre par la soci\u00e9t\u00e9 SUOMEN RANSKAN INSTITUUTIN S\u00c4\u00c4TI\u00d6 dans le respect du consentement des personnes concern\u00e9es, et dans quelques cas pr\u00e9vus par la R\u00e8glementation, le consentement explicite, autrement d\u00e9nomm\u00e9 expr\u00e8s de la personne est requis.<\/p>\n<p>Chaque fois que le consentement explicite de la personne est requis par la R\u00e8glementation, il est recueilli au pr\u00e9alable par la soci\u00e9t\u00e9 SUOMEN RANSKAN INSTITUUTIN S\u00c4\u00c4TI\u00d6 et la personne concern\u00e9e peut \u00e0 tous moments retirer son consentement, en s\u2019adressant aux contacts vis\u00e9s ci-dessus.<\/p>\n<p>12- Les r\u00e9clamations aupr\u00e8s de la CNIL<\/p>\n<p>Chaque personne concern\u00e9e dispose du droit d\u2019introduire une r\u00e9clamation aupr\u00e8s d\u2019une autorit\u00e9 de contr\u00f4le de protection des donn\u00e9es.<\/p>\n<p>En France, cette autorit\u00e9 est la CNIL, voici ses coordonn\u00e9es :<br \/>\nSite internet : <a href=\"https:\/\/www.cnil.fr\/\" target=\"_blank\" rel=\"noopener noreferrer\">www.cnil.fr\/<\/a><br \/>\nT\u00e9l\u00e9phone : 01 53 73 22 22<br \/>\nAdresse postale : 3, place Fontenoy TSA 80715, 75334 PARIS Cedex 07<\/p>\n<p>13- Les Cookies<\/p>\n<p>1- Qu\u2019est-ce qu\u2019un cookie ?<\/p>\n<p>Un cookie est un fichier contenant des lettres et des chiffres, stock\u00e9 sur le navigateur ou sur le disque dur de l\u2019ordinateur, du smartphone ou de la tablette d\u2019un utilisateur, si il l\u2019accepte.<br \/>\nLa soci\u00e9t\u00e9 SUOMEN RANSKAN INSTITUUTIN S\u00c4\u00c4TI\u00d6 peut utiliser des cookies au sein de ses sites webs : des fichiers stock\u00e9s temporairement ou d\u00e9finitivement sur l\u2019ordinateur, tablette ou smartphone de l\u2019utilisateur afin de le reconna\u00eetre lors de ses visites ult\u00e9rieures.<\/p>\n<p>2- Pourquoi les cookies sont-ils utilis\u00e9s ?<br \/>\nEn poursuivant la navigation sur le site www.institut-finlandais.fr, l\u2019utilisateur a consenti \u00e0 l\u2019usage de l\u2019ensemble des cookies suivants:<br \/>\nLes cookies de navigation<br \/>\nLes cookies fonctionnels<br \/>\nLes cookies de performance et de mesure d&rsquo;audience<\/p>\n<p>En apprenant \u00e0 connaitre le comportement des internautes sur le site www.institut-finlandais.fr, la soci\u00e9t\u00e9 SUOMEN RANSKAN INSTITUUTIN S\u00c4\u00c4TI\u00d6 pourra :<br \/>\n\u00e9tablir des statistiques fiables de fr\u00e9quentation et des volumes de fr\u00e9quentation et d&rsquo;utilisation des divers \u00e9l\u00e9ments composant les sites (rubriques et contenus visit\u00e9s, parcours, etc.), lui permettant ainsi d&rsquo;am\u00e9liorer l&rsquo;int\u00e9r\u00eat et l&rsquo;ergonomie des services,<br \/>\nd&rsquo;adapter la pr\u00e9sentation des sites aux pr\u00e9f\u00e9rences d&rsquo;affichage du terminal web ou mobile (r\u00e9solution d&rsquo;affichage, syst\u00e8me d&rsquo;exploitation utilis\u00e9, etc.) de l\u2019utilisateur lors de ses visites,<br \/>\nde m\u00e9moriser des informations relatives \u00e0 des formulaires (inscription ou acc\u00e8s \u00e0 un compte,.),<br \/>\nde mettre en \u0153uvre des mesures de s\u00e9curit\u00e9,<\/p>\n<p>3- Comment bloquer les cookies ?<\/p>\n<p>L\u2019utilisateur des sites webs peut bloquer les cookies en activant un filtre sur son navigateur de son ordinateur ou de son smartphone ou tablette.<\/p>\n<p>L\u2019utilisateur pourra refuser tous les cookies ou seulement certains d&rsquo;entre eux.<br \/>\nToutefois, si l\u2019utilisateur choisit de bloquer tous les cookies, certaines parties des sites Web pourraient devenir inaccessibles.<br \/>\nSur l\u2019ordinateur<\/p>\n<p>L\u2019utilisateur peut configurer son logiciel de navigation de mani\u00e8re \u00e0 ce que :<br \/>\n&#8211; les cookies soient enregistr\u00e9s dans son ordinateur ou, au contraire, qu&rsquo;ils soient rejet\u00e9s syst\u00e9matiquement ou selon leur \u00e9metteur,<br \/>\nOU<br \/>\n&#8211; l &lsquo;acceptation ou le refus des cookies puisse \u00eatre propos\u00e9s ponctuellement, avant qu&rsquo;un cookie soit susceptible d&rsquo;\u00eatre enregistr\u00e9 dans son terminal.<br \/>\nPour la gestion des cookies et des choix, la configuration de chaque navigateur est diff\u00e9rente. Elle est d\u00e9crite dans le menu d&rsquo;aide du navigateur :<br \/>\nPour Internet Explorer\u2122 : <a href=\"http:\/\/windows.microsoft.com\/fr-FR\/windows-vista\/Block-or-allow-cookies\" target=\"_blank\" rel=\"noopener noreferrer\">http:\/\/windows.microsoft.com\/fr-FR\/windows-vista\/Block-or-allow-cookies<\/a> ,<br \/>\nPour Safari\u2122 : <a href=\"https:\/\/support.apple.com\/fr-fr\/guide\/safari\/sfri11471\/mac\">https:\/\/support.apple.com\/fr-fr\/guide\/safari\/sfri11471\/mac<\/a>\u00a0,<br \/>\nPour Chrome\u2122 : <a href=\"http:\/\/support.google.com\/chrome\/bin\/answer.py?hl=fr&amp;hlrm=en&amp;answer=95647\" target=\"_blank\" rel=\"noopener noreferrer\">http:\/\/support.google.com\/chrome\/bin\/answer.py?hl=fr&amp;hlrm=en&amp;answer=95647<\/a> ,<br \/>\nPour Firefox\u2122 : <a href=\"http:\/\/support.mozilla.org\/fr\/kb\/Activer%20et%20d%C3%A9sactiver%20les%20cookies\" target=\"_blank\" rel=\"noopener noreferrer\">http:\/\/support.mozilla.org\/fr\/kb\/Activer%20et%20d%C3%A9sactiver%20les%20cookies<\/a> ,<br \/>\nPour Opera\u2122: <a href=\"http:\/\/help.opera.com\/Windows\/10.20\/fr\/cookies.html\" target=\"_blank\" rel=\"noopener noreferrer\">http:\/\/help.opera.com\/Windows\/10.20\/fr\/cookies.html<\/a><br \/>\nSur le smartphone<br \/>\nPour la gestion des cookies et des choix, la configuration de chaque syst\u00e8me d\u2019exploitation est diff\u00e9rente. Elle est d\u00e9crite dans la documentation :<br \/>\nSur iOS : <a href=\"https:\/\/support.apple.com\/fr-fr\/HT201265\" target=\"_blank\" rel=\"noopener noreferrer\">https:\/\/support.apple.com\/fr-fr\/HT201265<\/a><br \/>\nSur Android : <a href=\"https:\/\/support.google.com\/chrome\/topic\/3434352\" target=\"_blank\" rel=\"noopener noreferrer\">https:\/\/support.google.com\/chrome\/topic\/3434352<\/a><\/p>\n<p>14- Les modifications de la politique g\u00e9n\u00e9rale de protection des donn\u00e9es<\/p>\n<p>La politique de protection des donn\u00e9es est susceptible d\u2019\u00e9voluer. En cas d\u2019\u00e9volution des \u00e9l\u00e9ments mentionn\u00e9s dans la politique de confidentialit\u00e9, la soci\u00e9t\u00e9 SUOMEN RANSKAN INSTITUUTIN S\u00c4\u00c4TI\u00d6 s\u2019engage \u00e0 la modifier et \u00e0 en informer les personnes concern\u00e9es, pr\u00e9alablement \u00e0 la mise en \u0153uvre des modifications qui pourraient impacter les donn\u00e9es \u00e0 caract\u00e8re personnel.<\/p>\n<p>La soci\u00e9t\u00e9 SUOMEN RANSKAN INSTITUUTIN S\u00c4\u00c4TI\u00d6 s\u2019efforcera d\u2019indiquer quels impacts impliqueront ces modifications.<\/p>\n<p>15- Questions et commentaires : nous contacter<\/p>\n<p>Si vous avez des questions, commentaires et pr\u00e9occupations s\u2019agissant de cette politique, contactez notre d\u00e9l\u00e9gu\u00e9 \u00e0 la protection des donn\u00e9es, joignable par email : info@institut-finlandais.fr ou par courrier : SUOMEN RANSKAN INSTITUUTIN S\u00c4\u00c4TI\u00d6, 60, rue des \u00c9coles, 75005 Paris.<\/p>\n","protected":false},"excerpt":{"rendered":"<p>La soci\u00e9t\u00e9 SUOMEN RANSKAN INSTITUUTIN S\u00c4\u00c4TI\u00d6 s\u2019est engag\u00e9e dans la protection des donn\u00e9es \u00e0 caract\u00e8re personnel trait\u00e9es dans le cadre de son activit\u00e9 commerciale de vente en ligne. A des fins de transparence totale, la soci\u00e9t\u00e9 SUOMEN RANSKAN INSTITUUTIN S\u00c4\u00c4TI\u00d6 a d\u00e9fini la pr\u00e9sente Politique de protection des donn\u00e9es, afin que tout client, en tant [&hellip;]<\/p>\n","protected":false},"author":1,"featured_media":0,"parent":0,"menu_order":0,"comment_status":"closed","ping_status":"closed","template":"","meta":[],"yoast_head":"<!-- This site is optimized with the Yoast SEO plugin v18.1 - https:\/\/yoast.com\/wordpress\/plugins\/seo\/ -->\n<title>Politique de confidentialit\u00e9 - Institut finlandais boutique<\/title>\n<meta name=\"robots\" content=\"index, follow, max-snippet:-1, max-image-preview:large, max-video-preview:-1\" \/>\n<link rel=\"canonical\" href=\"https:\/\/www.institut-finlandais.fr\/boutique\/politique-de-confidentialite\/\" \/>\n<meta property=\"og:locale\" content=\"fr_FR\" \/>\n<meta property=\"og:type\" content=\"article\" \/>\n<meta property=\"og:title\" content=\"Politique de confidentialit\u00e9 - Institut finlandais boutique\" \/>\n<meta property=\"og:description\" content=\"La soci\u00e9t\u00e9 SUOMEN RANSKAN INSTITUUTIN S\u00c4\u00c4TI\u00d6 s\u2019est engag\u00e9e dans la protection des donn\u00e9es \u00e0 caract\u00e8re personnel trait\u00e9es dans le cadre de son activit\u00e9 commerciale de vente en ligne. A des fins de transparence totale, la soci\u00e9t\u00e9 SUOMEN RANSKAN INSTITUUTIN S\u00c4\u00c4TI\u00d6 a d\u00e9fini la pr\u00e9sente Politique de protection des donn\u00e9es, afin que tout client, en tant [&hellip;]\" \/>\n<meta property=\"og:url\" content=\"https:\/\/www.institut-finlandais.fr\/boutique\/politique-de-confidentialite\/\" \/>\n<meta property=\"og:site_name\" content=\"Institut finlandais boutique\" \/>\n<meta property=\"article:modified_time\" content=\"2023-02-01T12:52:56+00:00\" \/>\n<meta name=\"twitter:card\" content=\"summary_large_image\" \/>\n<meta name=\"twitter:label1\" content=\"Dur\u00e9e de lecture estim\u00e9e\" \/>\n\t<meta name=\"twitter:data1\" content=\"15 minutes\" \/>\n<script type=\"application\/ld+json\" class=\"yoast-schema-graph\">{\"@context\":\"https:\/\/schema.org\",\"@graph\":[{\"@type\":\"WebSite\",\"@id\":\"https:\/\/www.institut-finlandais.fr\/boutique\/#website\",\"url\":\"https:\/\/www.institut-finlandais.fr\/boutique\/\",\"name\":\"Institut finlandais boutique\",\"description\":\"\",\"potentialAction\":[{\"@type\":\"SearchAction\",\"target\":{\"@type\":\"EntryPoint\",\"urlTemplate\":\"https:\/\/www.institut-finlandais.fr\/boutique\/?s={search_term_string}\"},\"query-input\":\"required name=search_term_string\"}],\"inLanguage\":\"fr-FR\"},{\"@type\":\"WebPage\",\"@id\":\"https:\/\/www.institut-finlandais.fr\/boutique\/politique-de-confidentialite\/#webpage\",\"url\":\"https:\/\/www.institut-finlandais.fr\/boutique\/politique-de-confidentialite\/\",\"name\":\"Politique de confidentialit\u00e9 - Institut finlandais boutique\",\"isPartOf\":{\"@id\":\"https:\/\/www.institut-finlandais.fr\/boutique\/#website\"},\"datePublished\":\"2020-06-23T17:14:17+00:00\",\"dateModified\":\"2023-02-01T12:52:56+00:00\",\"breadcrumb\":{\"@id\":\"https:\/\/www.institut-finlandais.fr\/boutique\/politique-de-confidentialite\/#breadcrumb\"},\"inLanguage\":\"fr-FR\",\"potentialAction\":[{\"@type\":\"ReadAction\",\"target\":[\"https:\/\/www.institut-finlandais.fr\/boutique\/politique-de-confidentialite\/\"]}]},{\"@type\":\"BreadcrumbList\",\"@id\":\"https:\/\/www.institut-finlandais.fr\/boutique\/politique-de-confidentialite\/#breadcrumb\",\"itemListElement\":[{\"@type\":\"ListItem\",\"position\":1,\"name\":\"Home\",\"item\":\"https:\/\/www.institut-finlandais.fr\/boutique\/\"},{\"@type\":\"ListItem\",\"position\":2,\"name\":\"Politique de confidentialit\u00e9\"}]}]}<\/script>\n<!-- \/ Yoast SEO plugin. -->","yoast_head_json":{"title":"Politique de confidentialit\u00e9 - Institut finlandais boutique","robots":{"index":"index","follow":"follow","max-snippet":"max-snippet:-1","max-image-preview":"max-image-preview:large","max-video-preview":"max-video-preview:-1"},"canonical":"https:\/\/www.institut-finlandais.fr\/boutique\/politique-de-confidentialite\/","og_locale":"fr_FR","og_type":"article","og_title":"Politique de confidentialit\u00e9 - Institut finlandais boutique","og_description":"La soci\u00e9t\u00e9 SUOMEN RANSKAN INSTITUUTIN S\u00c4\u00c4TI\u00d6 s\u2019est engag\u00e9e dans la protection des donn\u00e9es \u00e0 caract\u00e8re personnel trait\u00e9es dans le cadre de son activit\u00e9 commerciale de vente en ligne. A des fins de transparence totale, la soci\u00e9t\u00e9 SUOMEN RANSKAN INSTITUUTIN S\u00c4\u00c4TI\u00d6 a d\u00e9fini la pr\u00e9sente Politique de protection des donn\u00e9es, afin que tout client, en tant [&hellip;]","og_url":"https:\/\/www.institut-finlandais.fr\/boutique\/politique-de-confidentialite\/","og_site_name":"Institut finlandais boutique","article_modified_time":"2023-02-01T12:52:56+00:00","twitter_card":"summary_large_image","twitter_misc":{"Dur\u00e9e de lecture estim\u00e9e":"15 minutes"},"schema":{"@context":"https:\/\/schema.org","@graph":[{"@type":"WebSite","@id":"https:\/\/www.institut-finlandais.fr\/boutique\/#website","url":"https:\/\/www.institut-finlandais.fr\/boutique\/","name":"Institut finlandais boutique","description":"","potentialAction":[{"@type":"SearchAction","target":{"@type":"EntryPoint","urlTemplate":"https:\/\/www.institut-finlandais.fr\/boutique\/?s={search_term_string}"},"query-input":"required name=search_term_string"}],"inLanguage":"fr-FR"},{"@type":"WebPage","@id":"https:\/\/www.institut-finlandais.fr\/boutique\/politique-de-confidentialite\/#webpage","url":"https:\/\/www.institut-finlandais.fr\/boutique\/politique-de-confidentialite\/","name":"Politique de confidentialit\u00e9 - Institut finlandais boutique","isPartOf":{"@id":"https:\/\/www.institut-finlandais.fr\/boutique\/#website"},"datePublished":"2020-06-23T17:14:17+00:00","dateModified":"2023-02-01T12:52:56+00:00","breadcrumb":{"@id":"https:\/\/www.institut-finlandais.fr\/boutique\/politique-de-confidentialite\/#breadcrumb"},"inLanguage":"fr-FR","potentialAction":[{"@type":"ReadAction","target":["https:\/\/www.institut-finlandais.fr\/boutique\/politique-de-confidentialite\/"]}]},{"@type":"BreadcrumbList","@id":"https:\/\/www.institut-finlandais.fr\/boutique\/politique-de-confidentialite\/#breadcrumb","itemListElement":[{"@type":"ListItem","position":1,"name":"Home","item":"https:\/\/www.institut-finlandais.fr\/boutique\/"},{"@type":"ListItem","position":2,"name":"Politique de confidentialit\u00e9"}]}]}},"_links":{"self":[{"href":"https:\/\/www.institut-finlandais.fr\/boutique\/wp-json\/wp\/v2\/pages\/271"}],"collection":[{"href":"https:\/\/www.institut-finlandais.fr\/boutique\/wp-json\/wp\/v2\/pages"}],"about":[{"href":"https:\/\/www.institut-finlandais.fr\/boutique\/wp-json\/wp\/v2\/types\/page"}],"author":[{"embeddable":true,"href":"https:\/\/www.institut-finlandais.fr\/boutique\/wp-json\/wp\/v2\/users\/1"}],"replies":[{"embeddable":true,"href":"https:\/\/www.institut-finlandais.fr\/boutique\/wp-json\/wp\/v2\/comments?post=271"}],"version-history":[{"count":8,"href":"https:\/\/www.institut-finlandais.fr\/boutique\/wp-json\/wp\/v2\/pages\/271\/revisions"}],"predecessor-version":[{"id":3141,"href":"https:\/\/www.institut-finlandais.fr\/boutique\/wp-json\/wp\/v2\/pages\/271\/revisions\/3141"}],"wp:attachment":[{"href":"https:\/\/www.institut-finlandais.fr\/boutique\/wp-json\/wp\/v2\/media?parent=271"}],"curies":[{"name":"wp","href":"https:\/\/api.w.org\/{rel}","templated":true}]}}